{"id":11502,"date":"2019-03-21T15:20:48","date_gmt":"2019-03-21T20:20:48","guid":{"rendered":"https:\/\/colsamore.edu.co\/web\/?page_id=11502"},"modified":"2020-07-11T16:55:09","modified_gmt":"2020-07-11T21:55:09","slug":"nuestro-colegio","status":"publish","type":"page","link":"https:\/\/colsamore.edu.co\/web\/nuestro-colegio\/","title":{"rendered":"Nuestro Colegio"},"content":{"rendered":"<div class=\"wpb-content-wrapper\"><p>[vc_row][vc_column]<div class=\"thim-widget-heading template-base\"><div class=\"sc_heading  text-center\"><h3 style=\"font-size:35px;font-weight:600;\" class=\"title\">Informaci\u00f3n <strong>Institucional<\/strong><\/h3><\/div><\/div>[\/vc_column][\/vc_row][vc_row css=\u00bb.vc_custom_1559531433775{margin-bottom: 15px !important;}\u00bb][vc_column width=\u00bb5\/12&#8243; css=\u00bb.vc_custom_1553219212365{margin-bottom: 30px !important;}\u00bb][vc_column_text]<\/p>\n<h3 class=\"thim-text-title\">Misi\u00f3n<\/h3>\n<p>La Instituci\u00f3n Educativa Samor\u00e9 est\u00e1 formando j\u00f3venes competentes en el ejercicio de la pr\u00e1ctica de valores y conocimientos adquiridos a trav\u00e9s de procesos investigativos con uso de las nuevas tecnolog\u00edas y de los programas del Ministerio de Educaci\u00f3n Nacional, para que lleven una vida basada en la integridad personal y creen soluciones socialmente responsables como miembros activos de ella y seres \u00fatiles que emprenden con acierto sus proyectos de vida, cuyo objetivo es la formaci\u00f3n educativa humana.[\/vc_column_text][\/vc_column][vc_column width=\u00bb7\/12&#8243; css=\u00bb.vc_custom_1553219224890{margin-bottom: 30px !important;}\u00bb][vc_column_text]<\/p>\n<h3 class=\"thim-text-title\">Visi\u00f3n<\/h3>\n<p>La Instituci\u00f3n Educativa Samor\u00e9 apunta a la formaci\u00f3n integral de l\u00edderes emprendedores, para consolidarse en el a\u00f1o 2025 como pionera y modelo en la generaci\u00f3n de competencias laborales en PRODUCCION AGROPECUARIA de la regi\u00f3n en un ambiente de equidad y de respeto en la diferencia, y fomentando la capacitaci\u00f3n, generando procesos de desarrollo que mejoren la calidad de vida, la justicia social y la paz , teniendo en cuenta\u00a0 los programas del ministerio de Educaci\u00f3n Nacional PTA, PNL, ENJAMBRE, LECTORES SALUDABLES Y PROGRAMA ECO.[\/vc_column_text][\/vc_column][\/vc_row][vc_row][vc_column][vc_tta_tabs][vc_tta_section title=\u00bbPRINCIPIOS INSTITUCIONALES\u00bb tab_id=\u00bb1553201553639-a4a157b2-0618&#8243;][vc_column_text]RESPETO A LA DIGNIDAD HUMANA. La Instituci\u00f3n Educativa se fundamenta en el reconocimiento y la aceptaci\u00f3n de las diferencias individuales de todos y cada uno de los miembros de la comunidad educativa, encontrando en cada uno de ellos la presencia viva de Dios.<\/p>\n<p>PARTICIPACION DEMOCRATICA. La Instituci\u00f3n Educativa busca construir ambientes que favorezcan la convivencia arm\u00f3nica y el crecimiento integral con el fin de incentivar en ellos un compromiso personal, serio y responsable.<\/p>\n<p>EQUIDAD. La Instituci\u00f3n Educativa manifiesta en cada persona una actitud expl\u00edcita en el convivir, que permite dar a cada uno lo que se merece y lo que necesita para \u00e9l desarrollarse plenamente y vivir con dignidad.<\/p>\n<p>LIBERTAD: La Instituci\u00f3n Educativa favorece el desarrollo de la libertad de cada persona, de conformidad con el papel que en \u00e9sta desempe\u00f1a. Cada individuo se encuentra en la instituci\u00f3n por su propia voluntad y al escoger las opciones que desea, asume las consecuencias de sus decisiones.<\/p>\n<p>SERVICIO SOCIAL. La Instituci\u00f3n Educativa permite que el educando se preocupe por el ambiente y las personas que trabajan y estudian en \u00e9l, permiti\u00e9ndoles especial inter\u00e9s para ser\u00a0\u00a0 personas comprometidas con la sociedad.<\/p>\n<p>AUTONOMIA. La Instituci\u00f3n Educativa tendr\u00e1 autonom\u00eda para buscar alternativas educativas, administrativas, pol\u00edticas, que contribuyan a mejorar los componentes que conforman\u00a0\u00a0 y desde all\u00ed orientar a la comunidad estudiantil a desarrollar la capacidad aut\u00f3noma para que \u00e9l sea forjador de su propia formaci\u00f3n.<\/p>\n<p>EXCELENCIA<strong>.<\/strong> Es una meta de la Instituci\u00f3n Educativa que implica que cada miembro de la comunidad se comprometa libremente a dar lo mejor de s\u00ed, trascendiendo los l\u00edmites del compromiso.<\/p>\n<p>TRABAJO. La Instituci\u00f3n Educativa busca que el estudiante adquiera vocaci\u00f3n en la pr\u00e1ctica agropecuaria y sea consciente de su labor con el desarrollo de la regi\u00f3n.<\/p>\n<p>CIENCIA Y TECNOLOG\u00cdA: La instituci\u00f3n educativa pretende despertar en los estudiantes el deseo por el conocimiento, la indagaci\u00f3n, experiencia y la tecnolog\u00eda.[\/vc_column_text][\/vc_tta_section][vc_tta_section title=\u00bbENFOQUE PEDAG\u00d3GICO\u00bb tab_id=\u00bb1553203450656-a52e943b-1e54&#8243;][vc_column_text]<\/p>\n<h3 class=\"thim-text-title\">Enfoque Pedag\u00f3gico<\/h3>\n<p>El enfoque pedag\u00f3gic&#8230;[\/vc_column_text][\/vc_tta_section][\/vc_tta_tabs][\/vc_column][\/vc_row][vc_row][vc_column]<div class=\"thim-widget-heading template-base\"><div class=\"sc_heading  text-center\"><h3 class=\"title\">S\u00edmbolos <strong> Institucionales<\/strong><\/h3><\/div><\/div>[\/vc_column][\/vc_row][vc_row][vc_column][vc_column_text]<\/p>\n<h3 class=\"thim-text-title\">Escudo<\/h3>\n<p>Rodeado en su parte exterior por dos c\u00edrculos conc\u00e9ntricos dentro de los cu\u00e1les se encuentra <strong>el lema \u201cLUZ, CIENCIA Y PROGRESO\u201d<\/strong> en la parte inferior y en la superior el nombre de la Instituci\u00f3n, dentro de los c\u00edrculos se encuentra el escudo.<\/p>\n<p>El escudo presenta <strong>una l\u00ednea diagonal<\/strong> que va de izquierda a derecha en su parte superior lado derecho aparece <strong>una l\u00e1mpara<\/strong> encendida simbolizando la luz de la sabidur\u00eda; En la parte inferior izquierda se encuentra <strong>un libro abierto<\/strong> que significa la ciencia; en la parte inferior del escudo hay <strong>dibujado un horizonte<\/strong> simbolizando el progreso de la regi\u00f3n del Sarare.<\/p>\n<p><strong>Significado en general:<\/strong> Es un combate constante contra tantas necesidades. El joven estudiante Sarare\u00f1o, remonta la cima de la ignorancia mediante la disciplina, el estudio y la consagraci\u00f3n al trabajo; se convierte para las generaciones futuras en antorcha que gu\u00eda, que ilumina y que disipa las tinieblas del error y de la forma inhumana de vivir del campesino colombiano.[\/vc_column_text][vc_single_image image=\u00bb11714&#8243; img_size=\u00bbmedium\u00bb alignment=\u00bbcenter\u00bb][vc_row_inner][vc_column_inner][vc_column_text]<\/p>\n<h3 class=\"thim-text-title\">Bandera<\/h3>\n<p>Presenta tres colores en forma vertical, el primero es <strong>el ROJO,<\/strong> Simboliza la lucha, esfuerzo, decisi\u00f3n, combate; <strong>el BLANCO<\/strong> simboliza la lealtad que hace grande a la persona transparencia hecha verdad, sencillez, sinceridad; pureza como limpieza de alma y cuerpo; Paz que es armon\u00eda, caridad, ternura, tolerancia y perd\u00f3n, El tercer color es e<strong>l AZUL <\/strong>significa profundidad, nobleza, rectitud de intenci\u00f3n, sencillez y humildad.[\/vc_column_text][vc_single_image image=\u00bb11786&#8243; img_size=\u00bbmedium\u00bb alignment=\u00bbcenter\u00bb][\/vc_column_inner][\/vc_row_inner][\/vc_column][\/vc_row][vc_row full_width=\u00bbstretch_row_content_no_spaces\u00bb css=\u00bb.vc_custom_1562941205907{background-color: #fadedf !important;}\u00bb][vc_column][vc_row_inner][vc_column_inner]<div class=\"thim-widget-heading template-base\"><div class=\"sc_heading  text-center\"><h3 class=\"title\"><strong>Himno<\/strong> Institucional<\/h3><span class=\"line\"><\/span><\/div><\/div>[vc_column_text css=\u00bb.vc_custom_1590494955361{margin-top: 5px !important;margin-right: 5px !important;margin-bottom: 5px !important;margin-left: 5px !important;}\u00bb]<\/p>\n<p style=\"text-align: center;\">Inmensos Agradecimientos a los Creadores de la letra del himno: exalumnos: <strong>Gerson Mojica, Narda Aurora Parada y Sergio Emel Rincon<\/strong>, y al se\u00f1or padre de familia <strong>Santiago Mojica.<\/strong> \u00a0con la revisi\u00f3n del se\u00f1or <strong>Oscar Onley Fern\u00e1ndez<\/strong> productor Audiovisual, m\u00fasica del se\u00f1or <strong>Luis Berbesi Santafe<\/strong>, Maestro en M\u00fasica de la Universidad de Pamplona. La grabaci\u00f3n realizada por un pre coro de las ni\u00f1as del Colegio de San Bernardo. Con colaboraci\u00f3n, patrocinio y el entusiasmo de las profesoras <strong>Luz Marina leal Pati\u00f1o y Rosalba Sandoval Santos<\/strong>.<\/p>\n<p style=\"text-align: center;\">Esperamos que la comunidad Educativa se apropie de la composici\u00f3n y se transforme en un s\u00edmbolo del Colegio\u00a0 Samor\u00e9. \u201cEs un honor y es un encargo precioso del cual me siento muy orgullosa\u201d.<\/p>\n<p style=\"text-align: center;\">La letra no solo expresa las emociones, sino que tambi\u00e9n constituye parte de la formaci\u00f3n humana.\u00a0 Como todo Himno tiene un coro, es muy hermoso dedicado, a la ciencia, la virtud y el honor.<\/p>\n<p>[\/vc_column_text][\/vc_column_inner][\/vc_row_inner][vc_row_inner][vc_column_inner width=\u00bb1\/3&#8243;]<div class=\"thim-widget-heading template-base\"><div class=\"sc_heading  text-center\"><h3 class=\"title\">CORO<\/h3><span class=\"line\"><\/span><\/div><\/div>[vc_column_text]<\/p>\n<p style=\"text-align: center;\">Gloria por siempre a ti colegio amado,<br \/>\nT\u00fa nos regalas la ciencia y la virtud,<br \/>\nEres la antorcha que alumbra los caminos,<br \/>\nPor tus senderos se marcha en rectitud.<\/p>\n<p>[\/vc_column_text]<div class=\"thim-widget-heading template-base\"><div class=\"sc_heading  text-center\"><h3 class=\"title\">III<\/h3><span class=\"line\"><\/span><\/div><\/div>[vc_column_text]<\/p>\n<p style=\"text-align: center;\">Cual las abejas que forjan su colmena<br \/>\nSon los docentes que cumplen su misi\u00f3n<br \/>\nLlevando el polen de los conocimientos<br \/>\nForman las mieles de ciencia en la raz\u00f3n.<\/p>\n<p>[\/vc_column_text][\/vc_column_inner][vc_column_inner width=\u00bb1\/3&#8243;]<div class=\"thim-widget-heading template-base\"><div class=\"sc_heading  text-center\"><h3 class=\"title\">I<\/h3><span class=\"line\"><\/span><\/div><\/div>[vc_column_text]<\/p>\n<p style=\"text-align: center;\">Sobre el fecundo paisaje del Sarare<br \/>\nLuce glorioso su f\u00edsico esplendor<br \/>\nTras las murallas que guardan sus tesoros<br \/>\nMuestra insistente la fuerza del amor.<\/p>\n<p>[\/vc_column_text]<div class=\"thim-widget-heading template-base\"><div class=\"sc_heading  text-center\"><h3 class=\"title\">IV<\/h3><span class=\"line\"><\/span><\/div><\/div>[vc_column_text]<\/p>\n<p style=\"text-align: center;\">Por nuestra raza sentimos gran orgullo<br \/>\nSomos cultura que mezcla su valor<br \/>\nEl pueblo U\u00b4wa y su patria soberana,<br \/>\nY los mestizos de origen espa\u00f1ol.<\/p>\n<p>[\/vc_column_text][\/vc_column_inner][vc_column_inner width=\u00bb1\/3&#8243;]<div class=\"thim-widget-heading template-base\"><div class=\"sc_heading  text-center\"><h3 class=\"title\">II<\/h3><span class=\"line\"><\/span><\/div><\/div>[vc_column_text]<\/p>\n<p style=\"text-align: center;\">El pueblo joven que crece en esta tierra<br \/>\nEs la esperanza de un nuevo porvenir,<br \/>\nBusca la ciencia con inmortal anhelo<br \/>\nLa patria justa se puede construir.<\/p>\n<p>[\/vc_column_text]<div class=\"thim-widget-heading template-base\"><div class=\"sc_heading  text-center\"><h3 class=\"title\"><\/h3><span class=\"line\"><\/span><\/div><\/div>[vc_column_text]Nuestro himno le dar\u00e1 la bienvenida a los que llegan. Una invitaci\u00f3n a sumarse a esta caravana de ni\u00f1os, ni\u00f1as, hombres y mujeres apasionados por el saber y la humanidad. Para los que estamos, ser\u00e1 la melod\u00eda de nuestra esperanza en las horas de trabajo, el impulso orientador ante la dificultad y la duda, y el canto de alegr\u00eda en nuestras celebraciones. Para los que parten, permanecer\u00e1 como una memoria ardiente, donde vivan los grandes deseos generados en esta tu casa.[\/vc_column_text][\/vc_column_inner][\/vc_row_inner][\/vc_column][\/vc_row]<\/p>\n<\/div>","protected":false},"excerpt":{"rendered":"<p>[vc_row][vc_column][\/vc_column][\/vc_row][vc_row css=\u00bb.vc_custom_1559531433775{margin-bottom: 15px !important;}\u00bb][vc_column width=\u00bb5\/12&#8243; css=\u00bb.vc_custom_1553219212365{margin-bottom: 30px !important;}\u00bb][vc_column_text] Misi\u00f3n La Instituci\u00f3n Educativa Samor\u00e9 est\u00e1 formando j\u00f3venes competentes en el ejercicio de la pr\u00e1ctica de valores y conocimientos adquiridos a trav\u00e9s de procesos investigativos con uso de las nuevas tecnolog\u00edas y &hellip; <\/p>\n","protected":false},"author":1,"featured_media":0,"parent":0,"menu_order":0,"comment_status":"closed","ping_status":"closed","template":"","meta":{"footnotes":""},"class_list":["post-11502","page","type-page","status-publish","hentry"],"_links":{"self":[{"href":"https:\/\/colsamore.edu.co\/web\/wp-json\/wp\/v2\/pages\/11502","targetHints":{"allow":["GET"]}}],"collection":[{"href":"https:\/\/colsamore.edu.co\/web\/wp-json\/wp\/v2\/pages"}],"about":[{"href":"https:\/\/colsamore.edu.co\/web\/wp-json\/wp\/v2\/types\/page"}],"author":[{"embeddable":true,"href":"https:\/\/colsamore.edu.co\/web\/wp-json\/wp\/v2\/users\/1"}],"replies":[{"embeddable":true,"href":"https:\/\/colsamore.edu.co\/web\/wp-json\/wp\/v2\/comments?post=11502"}],"version-history":[{"count":15,"href":"https:\/\/colsamore.edu.co\/web\/wp-json\/wp\/v2\/pages\/11502\/revisions"}],"predecessor-version":[{"id":11791,"href":"https:\/\/colsamore.edu.co\/web\/wp-json\/wp\/v2\/pages\/11502\/revisions\/11791"}],"wp:attachment":[{"href":"https:\/\/colsamore.edu.co\/web\/wp-json\/wp\/v2\/media?parent=11502"}],"curies":[{"name":"wp","href":"https:\/\/api.w.org\/{rel}","templated":true}]}}